{"id":80,"date":"2025-04-17T15:32:12","date_gmt":"2025-04-17T15:32:12","guid":{"rendered":"http:\/\/clapac.local\/?page_id=80"},"modified":"2026-02-07T18:05:30","modified_gmt":"2026-02-07T18:05:30","slug":"clapa","status":"publish","type":"page","link":"https:\/\/clapa-aidapac.fr\/index.php\/clapa\/","title":{"rendered":"Clapa"},"content":{"rendered":"\t\t<div data-elementor-type=\"wp-page\" data-elementor-id=\"80\" class=\"elementor elementor-80\" data-elementor-post-type=\"page\">\n\t\t\t\t<div class=\"elementor-element elementor-element-d3c7bc7 clapa e-flex e-con-boxed e-con e-parent\" data-id=\"d3c7bc7\" data-element_type=\"container\">\n\t\t\t\t\t<div class=\"e-con-inner\">\n\t\t<div class=\"elementor-element elementor-element-66ef229 e-con-full e-flex e-con e-child\" data-id=\"66ef229\" data-element_type=\"container\" id=\"presentation\" data-settings=\"{&quot;background_background&quot;:&quot;classic&quot;}\">\n\t\t\t\t<div class=\"elementor-element elementor-element-17d1de4 elementor-widget elementor-widget-text-editor\" data-id=\"17d1de4\" data-element_type=\"widget\" data-widget_type=\"text-editor.default\">\n\t\t\t\t\t\t\t\t\t<h2 style=\"font-size: 25pt;\"><b>Service de Soins Infirmiers \u00e0 Domicile<\/b><\/h2>\t\t\t\t\t\t\t\t<\/div>\n\t\t\t\t<div class=\"elementor-element elementor-element-e73ba5a elementor-widget elementor-widget-heading\" data-id=\"e73ba5a\" data-element_type=\"widget\" data-widget_type=\"heading.default\">\n\t\t\t\t\t<h1 class=\"elementor-heading-title elementor-size-default\"> S.S.I.A.D.  CLAPA<\/h1>\t\t\t\t<\/div>\n\t\t\t\t<div class=\"elementor-element elementor-element-48cfc84 elementor-widget elementor-widget-text-editor\" data-id=\"48cfc84\" data-element_type=\"widget\" data-widget_type=\"text-editor.default\">\n\t\t\t\t\t\t\t\t\t<p>Zone d\u2019intervention : Charenton-le-Pont, Maisons-Alfort, Saint-Maurice<\/p><p>T\u00e9l\u00e9phone : <strong>01.43.68.76.23<\/strong><\/p><p>Contact : accueilcharenton@clapa.fr<\/p><p>Bureaux: 21 rue de Conflans &#8211;\u00a0 94220 Charenton-le-Pont<br \/>(au rez de chauss\u00e9, \u00e0 l\u2019angle de la rue de Conflans et de la rue des Bordeaux)<\/p><p>Etablissement M\u00e9dico Social r\u00e9gi par le Code de l\u2019Action Sociale et des Familles<\/p><p><b>Les bureaux <\/b>sont ouverts\u00a0 <b>du lundi au vendredi <\/b><\/p><p>de<b> 8h <\/b>\u00e0<b> 13h\u00a0 <\/b>et de\u00a0 <b>14h <\/b>\u00e0 <b>16h30<\/b><\/p><p><b>Les interventions au domicile <\/b>sont assur\u00e9es <b>de 8h \u00e0 19h <\/b><b>7 jours \/ 7<\/b><\/p><p>Un r\u00e9pondeur t\u00e9l\u00e9phonique permet d\u2019assurer une continuit\u00e9 pour les usagers en particulier le <br \/>week-end et le soir. L\u2019infirmi\u00e8re de garde r\u00e9ceptionne les messages et intervient si n\u00e9cessaire.<\/p><h2><b>Qui peut \u00eatre pris en charge par le SSIAD ? <\/b><\/h2><p>Le SSIAD (Service de Soins Infirmiers \u00e0 Domicile) CLAPA intervient sur prescription m\u00e9dicale au domicile des <b>personnes \u00e2g\u00e9es de plus de 60 ans<\/b><b>.<\/b><\/p><h2><b>\u00a0R\u00f4le du SSIAD:<\/b><\/h2><p>\u25cb Permettre aux personnes accompagn\u00e9es de conserver, d&#8217;am\u00e9liorer, voire de retrouver leur autonomie, afin qu\u2019elles puissent assurer les gestes de la vie courante et r\u00e9pondre \u00e0 une volont\u00e9 toujours affirm\u00e9e de <b>rester dans leur cadre de vie<\/b>.<\/p><p>\u25cb Les soins dispens\u00e9s par le SSIAD permettent d\u2019\u00e9viter une hospitalisation lors de la phase aig\u00fce d\u2019une affection pouvant \u00eatre trait\u00e9e \u00e0 domicile, ou \u00e0 la suite d\u2019une hospitalisation, de pr\u00e9venir ou de retarder l\u2019aggravation de l\u2019\u00e9tat de sant\u00e9 des personnes gr\u00e2ce \u00e0 un personnel dipl\u00f4m\u00e9.<\/p><p><b>\u25cb <\/b><b>Centre de Liaison <\/b><b>: <\/b>pour remplir pleinement son r\u00f4le, le SSIAD CLAPA assure une coordination avec les autres intervenants m\u00e9dicaux et param\u00e9dicaux : Services d&#8217;aide \u00e0 domicile, kin\u00e9sith\u00e9rapeutes, m\u00e9decins traitants, Services hospitaliers\u2026<\/p>\t\t\t\t\t\t\t\t<\/div>\n\t\t\t\t<\/div>\n\t\t\t\t<div class=\"elementor-element elementor-element-887c789 elementor-widget elementor-widget-spacer\" data-id=\"887c789\" data-element_type=\"widget\" data-widget_type=\"spacer.default\">\n\t\t\t\t\t\t\t<div class=\"elementor-spacer\">\n\t\t\t<div class=\"elementor-spacer-inner\"><\/div>\n\t\t<\/div>\n\t\t\t\t\t\t<\/div>\n\t\t<div class=\"elementor-element elementor-element-1d4a631 e-con-full clapa e-flex e-con e-child\" data-id=\"1d4a631\" data-element_type=\"container\" id=\"prise-en-charge\" data-settings=\"{&quot;background_background&quot;:&quot;classic&quot;}\">\n\t\t\t\t<div class=\"elementor-element elementor-element-e66d2c0 elementor-widget elementor-widget-heading\" data-id=\"e66d2c0\" data-element_type=\"widget\" data-widget_type=\"heading.default\">\n\t\t\t\t\t<h2 class=\"elementor-heading-title elementor-size-default\">Prise en charge<\/h2>\t\t\t\t<\/div>\n\t\t\t\t<div class=\"elementor-element elementor-element-68af4e4 elementor-widget elementor-widget-text-editor\" data-id=\"68af4e4\" data-element_type=\"widget\" data-widget_type=\"text-editor.default\">\n\t\t\t\t\t\t\t\t\t<p><b>La demande peut \u00eatre faite par toute personne soucieuse du bien-\u00eatre de la personne concern\u00e9e : <\/b><\/p><p>La famille, la personne concern\u00e9e elle-m\u00eame, les voisins, le m\u00e9decin traitant, l\u2019assistante sociale, l\u2019infirmi\u00e8re lib\u00e9rale, l\u2019aide \u00e0 domicile, les services hospitaliers,,,<\/p>\t\t\t\t\t\t\t\t<\/div>\n\t\t\t\t<div class=\"elementor-element elementor-element-d7bfbdf elementor-widget elementor-widget-text-editor\" data-id=\"d7bfbdf\" data-element_type=\"widget\" data-widget_type=\"text-editor.default\">\n\t\t\t\t\t\t\t\t\t<p><span style=\"font-size: 14pt;\"><strong>Documents n\u00e9cessaires<\/strong>\u00a0:<\/span><\/p><ul><li style=\"list-style-type: none;\"><ul><li>Un certificat m\u00e9dical fourni par le SSIAD, \u00e0 faire remplir par le m\u00e9decin traitant.<\/li><li>Si m\u00e9decin hospitalier, le certificat doit \u00eatre renouveler par le m\u00e9decin traitant apr\u00e8s un mois de prise en charge.<\/li><li>Une photocopie de l\u2019attestation de la carte vitale<\/li><li>Une photocopie d\u2019une pi\u00e8ce d\u2019identit\u00e9<\/li><\/ul><\/li><\/ul>\t\t\t\t\t\t\t\t<\/div>\n\t\t\t\t<div class=\"elementor-element elementor-element-1b1d014 elementor-widget elementor-widget-text-editor\" data-id=\"1b1d014\" data-element_type=\"widget\" data-widget_type=\"text-editor.default\">\n\t\t\t\t\t\t\t\t\t<p>Avant chaque prise en charge<b>, l\u2019infirmi\u00e8re coordinatrice, <\/b>sur rendez-vous, se d\u00e9place au domicile de la personne ou \u00e0 l\u2019h\u00f4pital, pour recueillir les attentes et propositions de l\u2019usager afin d\u2019\u00e9tablir <b>avec lui <\/b>et en fonction des moyens disponibles un projet individualis\u00e9 de prise en charge pr\u00e9voyant :<\/p><ul><li><b>Des soins d\u2019hygi\u00e8ne, confort et de pr\u00e9vention : <\/b>avec des passages quotidiens ou biquotidiens des aides soignants, selon les n\u00e9cessit\u00e9s et disponibilit\u00e9s. Cela aussi longtemps que l\u2019\u00e9tat de la personne l\u2019exige.<\/li><li><b>Des soins infirmiers <\/b><b>: <\/b>surveillance de la prise de m\u00e9dicaments, de la tension art\u00e9rielle, injections, pansements\u2026<\/li><\/ul>\t\t\t\t\t\t\t\t<\/div>\n\t\t\t\t<\/div>\n\t\t\t\t<div class=\"elementor-element elementor-element-f63b99b elementor-widget elementor-widget-spacer\" data-id=\"f63b99b\" data-element_type=\"widget\" data-widget_type=\"spacer.default\">\n\t\t\t\t\t\t\t<div class=\"elementor-spacer\">\n\t\t\t<div class=\"elementor-spacer-inner\"><\/div>\n\t\t<\/div>\n\t\t\t\t\t\t<\/div>\n\t\t<div class=\"elementor-element elementor-element-95bdb00 e-con-full clapa e-flex e-con e-child\" data-id=\"95bdb00\" data-element_type=\"container\" id=\"objectifs\" data-settings=\"{&quot;background_background&quot;:&quot;classic&quot;}\">\n\t\t\t\t<div class=\"elementor-element elementor-element-712f0e7 elementor-widget elementor-widget-heading\" data-id=\"712f0e7\" data-element_type=\"widget\" data-widget_type=\"heading.default\">\n\t\t\t\t\t<h2 class=\"elementor-heading-title elementor-size-default\">Quel est le co\u00fbt des prestations?<\/h2>\t\t\t\t<\/div>\n\t\t\t\t<div class=\"elementor-element elementor-element-aee416e elementor-widget elementor-widget-text-editor\" data-id=\"aee416e\" data-element_type=\"widget\" data-widget_type=\"text-editor.default\">\n\t\t\t\t\t\t\t\t\t<p>Le co\u00fbt des prestations des SSIAD est pris en charge <b>directement et int\u00e9gralement <\/b>par l\u2019Assurance Maladie, quelque soit le niveau de ressources de l\u2019usager,<\/p><p><b><i>Aucune avance de fonds n\u2019est demand\u00e9e dans le respect de la l\u00e9gislation en vigueur. <\/i><\/b><\/p>\t\t\t\t\t\t\t\t<\/div>\n\t\t\t\t<\/div>\n\t\t\t\t<div class=\"elementor-element elementor-element-3da5adf elementor-widget elementor-widget-spacer\" data-id=\"3da5adf\" data-element_type=\"widget\" data-widget_type=\"spacer.default\">\n\t\t\t\t\t\t\t<div class=\"elementor-spacer\">\n\t\t\t<div class=\"elementor-spacer-inner\"><\/div>\n\t\t<\/div>\n\t\t\t\t\t\t<\/div>\n\t\t<div class=\"elementor-element elementor-element-d6cc1fb e-con-full clapa e-flex e-con e-child\" data-id=\"d6cc1fb\" data-element_type=\"container\" id=\"suivi\" data-settings=\"{&quot;background_background&quot;:&quot;classic&quot;}\">\n\t\t\t\t<div class=\"elementor-element elementor-element-4ba8937 elementor-widget elementor-widget-heading\" data-id=\"4ba8937\" data-element_type=\"widget\" data-widget_type=\"heading.default\">\n\t\t\t\t\t<h2 class=\"elementor-heading-title elementor-size-default\">Suivi<\/h2>\t\t\t\t<\/div>\n\t\t\t\t<div class=\"elementor-element elementor-element-95afd5c elementor-widget elementor-widget-text-editor\" data-id=\"95afd5c\" data-element_type=\"widget\" data-widget_type=\"text-editor.default\">\n\t\t\t\t\t\t\t\t\t<p><b>Le suivi <\/b><b>de la prise en charge <\/b>est assur\u00e9 par toute l\u2019\u00e9quipe administrative et m\u00e9dicale<\/p><p>Les \u00e9quipes soignantes se r\u00e9unissent chaque semaine pour \u00e9voquer l\u2019\u00e9tat de sant\u00e9 des usagers.\u00a0 Le cas \u00e9ch\u00e9ant, le SSIAD peut apporter un soutien moral \u00e0 la famille, notamment par des conseils pour l\u2019aider \u00e0 g\u00e9rer le maintien \u00e0 domicile.<\/p><h2><b>Engagement QUALIT\u00c9<\/b><\/h2><p>\u00a0Le SSIAD CLAPA a \u00e9labor\u00e9 un projet de service qui d\u00e9finit ses objectifs en mati\u00e8re de coordination, de coop\u00e9ration, d\u2019\u00e9valuation des activit\u00e9s et de la qualit\u00e9 des prestations ainsi que des modalit\u00e9s d\u2019organisation et de fonctionnement.<\/p><p><b><i>Le S.S.I.A.D a le souci d\u2019offrir \u00e0 l\u2019usager un projet personnalis\u00e9 prenant en compte la personne dans sa globalit\u00e9. <\/i><\/b><\/p>\t\t\t\t\t\t\t\t<\/div>\n\t\t\t\t<div class=\"elementor-element elementor-element-6b73092 elementor-widget__width-inherit elementor-widget elementor-widget-text-editor\" data-id=\"6b73092\" data-element_type=\"widget\" data-widget_type=\"text-editor.default\">\n\t\t\t\t\t\t\t\t\t<p><strong>Le S.S.I.A.D s\u2019engage \u00e0 respecter les principes \u00e9nonc\u00e9s dans :<\/strong><\/p><ul><li style=\"list-style-type: none;\"><ul><li><i>la charte des droits et libert\u00e9s de la personne \u00e2g\u00e9e d\u00e9pendante<\/i><\/li><li><i>la charte de la personne accueillie<\/i><\/li><li><i>la loi n\u00b02002-2 du 2 janvier 2002 et d\u00e9crets qui s\u2019y r\u00e9f\u00e8rent<\/i><\/li><li><i>la loi n\u00b0 2005-102 du 12 f\u00e9vrier 2005<\/i><\/li><\/ul><\/li><\/ul>\t\t\t\t\t\t\t\t<\/div>\n\t\t\t\t<\/div>\n\t\t\t\t<div class=\"elementor-element elementor-element-d5db967 elementor-widget elementor-widget-spacer\" data-id=\"d5db967\" data-element_type=\"widget\" data-widget_type=\"spacer.default\">\n\t\t\t\t\t\t\t<div class=\"elementor-spacer\">\n\t\t\t<div class=\"elementor-spacer-inner\"><\/div>\n\t\t<\/div>\n\t\t\t\t\t\t<\/div>\n\t\t<div class=\"elementor-element elementor-element-0be8c59 e-con-full charte clapa e-flex e-con e-child\" data-id=\"0be8c59\" data-element_type=\"container\" id=\"charte\" data-settings=\"{&quot;background_background&quot;:&quot;classic&quot;}\">\n\t\t\t\t<div class=\"elementor-element elementor-element-a1e28a2 elementor-widget elementor-widget-heading\" data-id=\"a1e28a2\" data-element_type=\"widget\" data-widget_type=\"heading.default\">\n\t\t\t\t\t<h2 class=\"elementor-heading-title elementor-size-default\">Charte des Droits et Libert\u00e9s de la personne ag\u00e9e d\u00e9pendante<\/h2>\t\t\t\t<\/div>\n\t\t\t\t<div class=\"elementor-element elementor-element-d0e357b elementor-widget__width-inherit elementor-widget elementor-widget-pdfjs-viewer\" data-id=\"d0e357b\" data-element_type=\"widget\" data-widget_type=\"pdfjs-viewer.default\">\n\t\t\t\t<div class=\"elementor-widget-container\">\n\t\t\t\t\t<iframe width=\"\" height=\"\" src=\"https:\/\/clapa-aidapac.fr\/wp-content\/plugins\/pdfjs-viewer-for-elementor\/\/assets\/js\/pdfjs\/web\/viewer.html?file=https:\/\/clapa-aidapac.fr\/wp-content\/uploads\/2025\/09\/charte_2007_affiche-2.pdf\"><\/iframe>\t\t\t\t<\/div>\n\t\t\t\t<\/div>\n\t\t\t\t<\/div>\n\t\t\t\t<div class=\"elementor-element elementor-element-38a2ab7 elementor-widget elementor-widget-spacer\" data-id=\"38a2ab7\" data-element_type=\"widget\" data-widget_type=\"spacer.default\">\n\t\t\t\t\t\t\t<div class=\"elementor-spacer\">\n\t\t\t<div class=\"elementor-spacer-inner\"><\/div>\n\t\t<\/div>\n\t\t\t\t\t\t<\/div>\n\t\t<div class=\"elementor-element elementor-element-6c8332f e-con-full charte e-flex e-con e-child\" data-id=\"6c8332f\" data-element_type=\"container\" data-settings=\"{&quot;background_background&quot;:&quot;classic&quot;}\">\n\t\t\t\t<div class=\"elementor-element elementor-element-8919603 elementor-widget elementor-widget-heading\" data-id=\"8919603\" data-element_type=\"widget\" data-widget_type=\"heading.default\">\n\t\t\t\t\t<h2 class=\"elementor-heading-title elementor-size-default\">Charte des Droits et Libert\u00e9s de la personne Accueillie<\/h2>\t\t\t\t<\/div>\n\t\t\t\t<div class=\"elementor-element elementor-element-8e4e3d9 elementor-widget elementor-widget-text-editor\" data-id=\"8e4e3d9\" data-element_type=\"widget\" data-widget_type=\"text-editor.default\">\n\t\t\t\t\t\t\t\t\t<p><b style=\"color: red;\">Annexe de l\u2019Arr\u00eat\u00e9 du 8 septembre 2003 relatif \u00e0 la charte des droits et libert\u00e9s de la personne accueillie, mentionn\u00e9e \u00e0 l\u2019article L.311-4 du code de l\u2019action sociale et des familles<\/b><\/p>\t\t\t\t\t\t\t\t<\/div>\n\t\t\t\t<div class=\"elementor-element elementor-element-a74822e elementor-widget__width-inherit elementor-widget elementor-widget-pdfjs-viewer\" data-id=\"a74822e\" data-element_type=\"widget\" data-widget_type=\"pdfjs-viewer.default\">\n\t\t\t\t<div class=\"elementor-widget-container\">\n\t\t\t\t\t<iframe width=\"\" height=\"\" src=\"https:\/\/clapa-aidapac.fr\/wp-content\/plugins\/pdfjs-viewer-for-elementor\/\/assets\/js\/pdfjs\/web\/viewer.html?file=https:\/\/clapa-aidapac.fr\/wp-content\/uploads\/2025\/09\/charte-1.pdf\"><\/iframe>\t\t\t\t<\/div>\n\t\t\t\t<\/div>\n\t\t\t\t<\/div>\n\t\t\t\t<div class=\"elementor-element elementor-element-b89a45a elementor-widget elementor-widget-spacer\" data-id=\"b89a45a\" data-element_type=\"widget\" data-widget_type=\"spacer.default\">\n\t\t\t\t\t\t\t<div class=\"elementor-spacer\">\n\t\t\t<div class=\"elementor-spacer-inner\"><\/div>\n\t\t<\/div>\n\t\t\t\t\t\t<\/div>\n\t\t<div class=\"elementor-element elementor-element-1915bad e-con-full charte clapa e-flex e-con e-child\" data-id=\"1915bad\" data-element_type=\"container\" data-settings=\"{&quot;background_background&quot;:&quot;classic&quot;}\">\n\t\t\t\t<div class=\"elementor-element elementor-element-e7793c3 elementor-widget elementor-widget-heading\" data-id=\"e7793c3\" data-element_type=\"widget\" data-widget_type=\"heading.default\">\n\t\t\t\t\t<h2 class=\"elementor-heading-title elementor-size-default\">Charte Qualit\u00e9 du CLAPA<\/h2>\t\t\t\t<\/div>\n\t\t\t\t<div class=\"elementor-element elementor-element-4c6654d elementor-widget elementor-widget-text-editor\" data-id=\"4c6654d\" data-element_type=\"widget\" data-widget_type=\"text-editor.default\">\n\t\t\t\t\t\t\t\t\t<p><strong>Elle repose sur <\/strong><b>: <\/b><\/p><ul><li><b>La loi du 2 janvier 2002 <\/b>r\u00e9novant l\u2019action sociale et m\u00e9dico-sociale<\/li><li><b>Le d\u00e9cret 2004-613 du 25 juin 2004 <\/b>relatif au fonctionnement des SSIAD <b>abrog\u00e9 par le d\u00e9cret du 09-07-2005 <\/b><\/li><li><b>Le r\u00e9f\u00e9rentiel qualit\u00e9 des SSIAD \u00e9labor\u00e9 par l\u2019UNASSI <\/b>(Union Nationale des Associations et Services de Soins Infirmiers)<\/li><li><b>Les recommandations <\/b><b>la Haute Autorit\u00e9 de Sant\u00e9 (HAS)<\/b>.<\/li><\/ul>\t\t\t\t\t\t\t\t<\/div>\n\t\t\t\t<div class=\"elementor-element elementor-element-76bdeab elementor-widget elementor-widget-text-editor\" data-id=\"76bdeab\" data-element_type=\"widget\" data-widget_type=\"text-editor.default\">\n\t\t\t\t\t\t\t\t\t<p style=\"language: fr; margin-top: 0pt; margin-bottom: 0pt; text-align: justify; text-justify: inter-ideograph; direction: ltr; unicode-bidi: embed; vertical-align: baseline; mso-line-break-override: restrictions; punctuation-wrap: simple;\"><span style=\"font-size: 14.0pt; font-family: Constantia; mso-ascii-font-family: Constantia; mso-fareast-font-family: +mn-ea; mso-bidi-font-family: Arial; mso-ascii-theme-font: minor-latin; mso-fareast-theme-font: minor-fareast; color: black; mso-color-index: 1; mso-font-kerning: 12.0pt; language: fr; mso-style-textfill-type: solid; mso-style-textfill-fill-themecolor: text1; mso-style-textfill-fill-color: black; mso-style-textfill-fill-alpha: 100.0%;\">Dans le cadre de ses orientations en mati\u00e8re de politique qualit\u00e9 le SSIAD du CLAPA\u00a0s\u2019engage \u00e0 : <\/span><\/p><p style=\"language: fr; margin-top: 0pt; margin-bottom: 0pt; text-align: justify; text-justify: inter-ideograph; direction: ltr; unicode-bidi: embed; vertical-align: baseline; mso-line-break-override: restrictions; punctuation-wrap: simple;\"><span style=\"font-size: 14.0pt; font-family: Constantia; mso-ascii-font-family: Constantia; mso-fareast-font-family: +mn-ea; mso-bidi-font-family: Arial; mso-ascii-theme-font: minor-latin; mso-fareast-theme-font: minor-fareast; color: black; mso-color-index: 1; mso-font-kerning: 12.0pt; language: fr; mso-style-textfill-type: solid; mso-style-textfill-fill-themecolor: text1; mso-style-textfill-fill-color: black; mso-style-textfill-fill-alpha: 100.0%;\">\u00a0<\/span><span style=\"font-size: 15.0pt; font-family: Constantia; mso-ascii-font-family: Constantia; mso-fareast-font-family: +mn-ea; mso-bidi-font-family: Arial; mso-ascii-theme-font: minor-latin; mso-fareast-theme-font: minor-fareast; color: black; mso-color-index: 1; mso-font-kerning: 12.0pt; language: fr; mso-style-textfill-type: solid; mso-style-textfill-fill-themecolor: text1; mso-style-textfill-fill-color: black; mso-style-textfill-fill-alpha: 100.0%;\">\u00a0<\/span><\/p><div style=\"language: fr; margin-top: 0pt; margin-bottom: 0pt; margin-left: .31in; text-indent: -.31in; text-align: justify; text-justify: inter-ideograph; direction: ltr; unicode-bidi: embed; vertical-align: baseline; mso-line-break-override: restrictions; punctuation-wrap: simple;\"><span style=\"font-size: 15.0pt;\"><span style=\"mso-special-format: bullet; font-family: Wingdings;\">v<\/span><\/span><span style=\"font-size: 15.0pt; font-family: Constantia; mso-ascii-font-family: Constantia; mso-fareast-font-family: +mn-ea; mso-bidi-font-family: Arial; mso-ascii-theme-font: minor-latin; mso-fareast-theme-font: minor-fareast; color: black; mso-color-index: 1; mso-font-kerning: 12.0pt; language: fr; mso-style-textfill-type: solid; mso-style-textfill-fill-themecolor: text1; mso-style-textfill-fill-color: black; mso-style-textfill-fill-alpha: 100.0%;\">\u00a0<\/span><span style=\"font-size: 15.0pt; font-family: Constantia; mso-ascii-font-family: Constantia; mso-fareast-font-family: +mn-ea; mso-bidi-font-family: Arial; mso-ascii-theme-font: minor-latin; mso-fareast-theme-font: minor-fareast; color: #004b87; mso-font-kerning: 12.0pt; language: fr; font-weight: bold; mso-style-textfill-type: solid; mso-style-textfill-fill-alpha: 100.0%;\">Garantir le respect de la personne prise en soins, ses droits et ses choix, favoriser des relations de\u00a0qualit\u00e9 entre l\u2019usager et le soignant <\/span><\/div><p style=\"language: fr; margin-top: 0pt; margin-bottom: 0pt; text-align: justify; text-justify: inter-ideograph; direction: ltr; unicode-bidi: embed; vertical-align: baseline; mso-line-break-override: restrictions; punctuation-wrap: simple;\"><span style=\"font-size: 15.0pt; font-family: Constantia; mso-ascii-font-family: Constantia; mso-fareast-font-family: +mn-ea; mso-bidi-font-family: Arial; mso-ascii-theme-font: minor-latin; mso-fareast-theme-font: minor-fareast; color: black; mso-color-index: 1; mso-font-kerning: 12.0pt; language: fr; mso-style-textfill-type: solid; mso-style-textfill-fill-themecolor: text1; mso-style-textfill-fill-color: black; mso-style-textfill-fill-alpha: 100.0%;\">\u00a0<\/span><\/p><div style=\"language: fr; margin-top: 0pt; margin-bottom: 0pt; margin-left: .31in; text-indent: -.31in; text-align: justify; text-justify: inter-ideograph; direction: ltr; unicode-bidi: embed; vertical-align: baseline; mso-line-break-override: restrictions; punctuation-wrap: simple;\"><span style=\"font-size: 15.0pt;\"><span style=\"mso-special-format: bullet; font-family: Wingdings;\">v<\/span><\/span><span style=\"font-size: 15.0pt; font-family: Constantia; mso-ascii-font-family: Constantia; mso-fareast-font-family: +mn-ea; mso-bidi-font-family: Arial; mso-ascii-theme-font: minor-latin; mso-fareast-theme-font: minor-fareast; color: #004b87; mso-font-kerning: 12.0pt; language: fr; mso-style-textfill-type: solid; mso-style-textfill-fill-alpha: 100.0%;\">\u00a0<\/span><span style=\"font-size: 15.0pt; font-family: Constantia; mso-ascii-font-family: Constantia; mso-fareast-font-family: +mn-ea; mso-bidi-font-family: Arial; mso-ascii-theme-font: minor-latin; mso-fareast-theme-font: minor-fareast; color: #004b87; mso-font-kerning: 12.0pt; language: fr; font-weight: bold; mso-style-textfill-type: solid; mso-style-textfill-fill-alpha: 100.0%;\">Favoriser ou maintenir le lien familial,\u00a0social de l\u2019usager <\/span><\/div><p style=\"language: fr; margin-top: 0pt; margin-bottom: 0pt; text-align: justify; text-justify: inter-ideograph; direction: ltr; unicode-bidi: embed; vertical-align: baseline; mso-line-break-override: restrictions; punctuation-wrap: simple;\"><span style=\"font-size: 15.0pt; font-family: Constantia; mso-ascii-font-family: Constantia; mso-fareast-font-family: +mn-ea; mso-bidi-font-family: Arial; mso-ascii-theme-font: minor-latin; mso-fareast-theme-font: minor-fareast; color: black; mso-color-index: 1; mso-font-kerning: 12.0pt; language: fr; mso-style-textfill-type: solid; mso-style-textfill-fill-themecolor: text1; mso-style-textfill-fill-color: black; mso-style-textfill-fill-alpha: 100.0%;\">\u00a0<\/span><\/p><div style=\"language: fr; margin-top: 0pt; margin-bottom: 0pt; margin-left: .31in; text-indent: -.31in; text-align: justify; text-justify: inter-ideograph; direction: ltr; unicode-bidi: embed; vertical-align: baseline; mso-line-break-override: restrictions; punctuation-wrap: simple;\"><span style=\"font-size: 15.0pt;\"><span style=\"mso-special-format: bullet; font-family: Wingdings;\">v<\/span><\/span><span style=\"font-size: 15.0pt; font-family: Constantia; mso-ascii-font-family: Constantia; mso-fareast-font-family: +mn-ea; mso-bidi-font-family: Arial; mso-ascii-theme-font: minor-latin; mso-fareast-theme-font: minor-fareast; color: #004b87; mso-font-kerning: 12.0pt; language: fr; mso-style-textfill-type: solid; mso-style-textfill-fill-alpha: 100.0%;\">\u00a0<\/span><span style=\"font-size: 15.0pt; font-family: Constantia; mso-ascii-font-family: Constantia; mso-fareast-font-family: +mn-ea; mso-bidi-font-family: Arial; mso-ascii-theme-font: minor-latin; mso-fareast-theme-font: minor-fareast; color: #004b87; mso-font-kerning: 12.0pt; language: fr; font-weight: bold; mso-style-textfill-type: solid; mso-style-textfill-fill-alpha: 100.0%;\">Garantir, respecter et favoriser\u00a0l\u2019autonomie de l\u2019usager <\/span><\/div><p style=\"language: fr; margin-top: 0pt; margin-bottom: 0pt; text-align: justify; text-justify: inter-ideograph; direction: ltr; unicode-bidi: embed; vertical-align: baseline; mso-line-break-override: restrictions; punctuation-wrap: simple;\"><span style=\"font-size: 15.0pt; font-family: Constantia; mso-ascii-font-family: Constantia; mso-fareast-font-family: +mn-ea; mso-bidi-font-family: Arial; mso-ascii-theme-font: minor-latin; mso-fareast-theme-font: minor-fareast; color: black; mso-color-index: 1; mso-font-kerning: 12.0pt; language: fr; mso-style-textfill-type: solid; mso-style-textfill-fill-themecolor: text1; mso-style-textfill-fill-color: black; mso-style-textfill-fill-alpha: 100.0%;\">\u00a0<\/span><\/p><div style=\"language: fr; margin-top: 0pt; margin-bottom: 0pt; margin-left: .31in; text-indent: -.31in; text-align: justify; text-justify: inter-ideograph; direction: ltr; unicode-bidi: embed; vertical-align: baseline; mso-line-break-override: restrictions; punctuation-wrap: simple;\"><span style=\"font-size: 15.0pt;\"><span style=\"mso-special-format: bullet; font-family: Wingdings;\">v<\/span><\/span><span style=\"font-size: 15.0pt; font-family: Constantia; mso-ascii-font-family: Constantia; mso-fareast-font-family: +mn-ea; mso-bidi-font-family: Arial; mso-ascii-theme-font: minor-latin; mso-fareast-theme-font: minor-fareast; color: #004b87; mso-font-kerning: 12.0pt; language: fr; mso-style-textfill-type: solid; mso-style-textfill-fill-alpha: 100.0%;\">\u00a0<\/span><span style=\"font-size: 15.0pt; font-family: Constantia; mso-ascii-font-family: Constantia; mso-fareast-font-family: +mn-ea; mso-bidi-font-family: Arial; mso-ascii-theme-font: minor-latin; mso-fareast-theme-font: minor-fareast; color: #004b87; mso-font-kerning: 12.0pt; language: fr; font-weight: bold; mso-style-textfill-type: solid; mso-style-textfill-fill-alpha: 100.0%;\">Garantir des prestations de qualit\u00e9<\/span><\/div><p style=\"language: fr; margin-top: 0pt; margin-bottom: 0pt; text-align: justify; text-justify: inter-ideograph; direction: ltr; unicode-bidi: embed; vertical-align: baseline; mso-line-break-override: restrictions; punctuation-wrap: simple;\"><span style=\"font-size: 15.0pt; font-family: Constantia; mso-ascii-font-family: Constantia; mso-fareast-font-family: +mn-ea; mso-bidi-font-family: Arial; mso-ascii-theme-font: minor-latin; mso-fareast-theme-font: minor-fareast; color: black; mso-color-index: 1; mso-font-kerning: 12.0pt; language: fr; font-weight: bold; mso-style-textfill-type: solid; mso-style-textfill-fill-themecolor: text1; mso-style-textfill-fill-color: black; mso-style-textfill-fill-alpha: 100.0%;\"><span style=\"mso-spacerun: yes;\">\u00a0<\/span><\/span><\/p><p style=\"language: fr; margin-top: 0pt; margin-bottom: 0pt; text-align: justify; text-justify: inter-ideograph; direction: ltr; unicode-bidi: embed; vertical-align: baseline; mso-line-break-override: restrictions; punctuation-wrap: simple;\"><span style=\"font-size: 15.0pt; font-family: Constantia; mso-ascii-font-family: Constantia; mso-fareast-font-family: +mn-ea; mso-bidi-font-family: Arial; mso-ascii-theme-font: minor-latin; mso-fareast-theme-font: minor-fareast; color: black; mso-color-index: 1; mso-font-kerning: 12.0pt; language: fr; mso-style-textfill-type: solid; mso-style-textfill-fill-themecolor: text1; mso-style-textfill-fill-color: black; mso-style-textfill-fill-alpha: 100.0%;\">De\u00a0par le<\/span><span style=\"font-size: 15.0pt; font-family: Constantia; mso-ascii-font-family: Constantia; mso-fareast-font-family: +mn-ea; mso-bidi-font-family: Arial; mso-ascii-theme-font: minor-latin; mso-fareast-theme-font: minor-fareast; color: black; mso-color-index: 1; mso-font-kerning: 12.0pt; language: fr; mso-style-textfill-type: solid; mso-style-textfill-fill-themecolor: text1; mso-style-textfill-fill-color: black; mso-style-textfill-fill-alpha: 100.0%;\"> professionnalisme (dipl\u00f4mes), la formation continue, l\u2019analyse des pratiques, l\u2019encadrement des soignants et\u00a0l\u2019organisation du travail du SSIAD.<\/span><\/p><p style=\"language: fr; margin-top: 0pt; margin-bottom: 0pt; text-align: justify; text-justify: inter-ideograph; direction: ltr; unicode-bidi: embed; vertical-align: baseline; mso-line-break-override: restrictions; punctuation-wrap: simple;\"><span style=\"font-size: 15.0pt; font-family: Constantia; mso-ascii-font-family: Constantia; mso-fareast-font-family: +mn-ea; mso-bidi-font-family: Arial; mso-ascii-theme-font: minor-latin; mso-fareast-theme-font: minor-fareast; color: black; mso-color-index: 1; mso-font-kerning: 12.0pt; language: fr; mso-style-textfill-type: solid; mso-style-textfill-fill-themecolor: text1; mso-style-textfill-fill-color: black; mso-style-textfill-fill-alpha: 100.0%;\">\u00a0<\/span><\/p><div style=\"language: fr; margin-top: 0pt; margin-bottom: 0pt; margin-left: .31in; text-indent: -.31in; text-align: justify; text-justify: inter-ideograph; direction: ltr; unicode-bidi: embed; vertical-align: baseline; mso-line-break-override: restrictions; punctuation-wrap: simple;\"><span style=\"font-size: 15.0pt;\"><span style=\"mso-special-format: bullet; font-family: Wingdings;\">v<\/span><\/span><span style=\"font-size: 15.0pt; font-family: Constantia; mso-ascii-font-family: Constantia; mso-fareast-font-family: +mn-ea; mso-bidi-font-family: Arial; mso-ascii-theme-font: minor-latin; mso-fareast-theme-font: minor-fareast; color: #004b87; mso-font-kerning: 12.0pt; language: fr; mso-style-textfill-type: solid; mso-style-textfill-fill-alpha: 100.0%;\">\u00a0<\/span><span style=\"font-size: 15.0pt; font-family: Constantia; mso-ascii-font-family: Constantia; mso-fareast-font-family: +mn-ea; mso-bidi-font-family: Arial; mso-ascii-theme-font: minor-latin; mso-fareast-theme-font: minor-fareast; color: #004b87; mso-font-kerning: 12.0pt; language: fr; font-weight: bold; mso-style-textfill-type: solid; mso-style-textfill-fill-alpha: 100.0%;\">Garantir des prestations de qualit\u00e9 gr\u00e2ce \u00e0 une coordination des diff\u00e9rentes interventions pour une continuit\u00e9 coh\u00e9rente\u00a0dans l\u2019accompagnement de l\u2019usager<\/span><\/div><p style=\"language: fr; margin-top: 0pt; margin-bottom: 0pt; text-align: justify; text-justify: inter-ideograph; direction: ltr; unicode-bidi: embed; vertical-align: baseline; mso-line-break-override: restrictions; punctuation-wrap: simple;\"><span style=\"font-size: 15.0pt; font-family: Constantia; mso-ascii-font-family: Constantia; mso-fareast-font-family: +mn-ea; mso-bidi-font-family: Arial; mso-ascii-theme-font: minor-latin; mso-fareast-theme-font: minor-fareast; color: black; mso-color-index: 1; mso-font-kerning: 12.0pt; language: fr; mso-style-textfill-type: solid; mso-style-textfill-fill-themecolor: text1; mso-style-textfill-fill-color: black; mso-style-textfill-fill-alpha: 100.0%;\">La coordination avec les professionnels lib\u00e9raux et les partenaires contribue \u00e0\u00a0assurer une continuit\u00e9 des soins et une coh\u00e9rence dans la prise en charge. <\/span><\/p><p style=\"language: fr; margin-top: 0pt; margin-bottom: 0pt; text-align: justify; text-justify: inter-ideograph; direction: ltr; unicode-bidi: embed; vertical-align: baseline; mso-line-break-override: restrictions; punctuation-wrap: simple;\"><span style=\"font-size: 15.0pt; font-family: Constantia; mso-ascii-font-family: Constantia; mso-fareast-font-family: +mn-ea; mso-bidi-font-family: Arial; mso-ascii-theme-font: minor-latin; mso-fareast-theme-font: minor-fareast; color: black; mso-color-index: 1; mso-font-kerning: 12.0pt; language: fr; mso-style-textfill-type: solid; mso-style-textfill-fill-themecolor: text1; mso-style-textfill-fill-color: black; mso-style-textfill-fill-alpha: 100.0%;\">\u00a0<\/span><\/p><div style=\"language: fr; margin-top: 0pt; margin-bottom: 0pt; margin-left: .31in; text-indent: -.31in; text-align: justify; text-justify: inter-ideograph; direction: ltr; unicode-bidi: embed; vertical-align: baseline; mso-line-break-override: restrictions; punctuation-wrap: simple;\"><span style=\"font-size: 15.0pt;\"><span style=\"mso-special-format: bullet; font-family: Wingdings;\">v<\/span><\/span><span style=\"font-size: 15.0pt; font-family: Constantia; mso-ascii-font-family: Constantia; mso-fareast-font-family: +mn-ea; mso-bidi-font-family: Arial; mso-ascii-theme-font: minor-latin; mso-fareast-theme-font: minor-fareast; color: #004b87; mso-font-kerning: 12.0pt; language: fr; mso-style-textfill-type: solid; mso-style-textfill-fill-alpha: 100.0%;\">\u00a0<\/span><span style=\"font-size: 15.0pt; font-family: Constantia; mso-ascii-font-family: Constantia; mso-fareast-font-family: +mn-ea; mso-bidi-font-family: Arial; mso-ascii-theme-font: minor-latin; mso-fareast-theme-font: minor-fareast; color: #004b87; mso-font-kerning: 12.0pt; language: fr; font-weight: bold; mso-style-textfill-type: solid; mso-style-textfill-fill-alpha: 100.0%;\">Garantir l\u2019organisation de la prise en charge de l\u2019usager dans le respect de ses valeurs et de son environnement en\u00a0l\u2019associant \u00e0 son projet de soins <\/span><\/div><p style=\"language: fr; margin-top: 0pt; margin-bottom: 0pt; text-align: justify; text-justify: inter-ideograph; direction: ltr; unicode-bidi: embed; vertical-align: baseline; mso-line-break-override: restrictions; punctuation-wrap: simple;\"><span style=\"font-size: 15.0pt; font-family: Constantia; mso-ascii-font-family: Constantia; mso-fareast-font-family: +mn-ea; mso-bidi-font-family: Arial; mso-ascii-theme-font: minor-latin; mso-fareast-theme-font: minor-fareast; color: black; mso-color-index: 1; mso-font-kerning: 12.0pt; language: fr; mso-style-textfill-type: solid; mso-style-textfill-fill-themecolor: text1; mso-style-textfill-fill-color: black; mso-style-textfill-fill-alpha: 100.0%;\">Le service s\u2019engage \u00e0 rechercher la participation de l\u2019usager notamment dans l\u2019\u00e9laboration et la validation du DIPC. Les prestations requises veillent \u00e0 la\u00a0qualit\u00e9 des services rendus, \u00e0 l\u2019\u00e9coute active et \u00e0 la communication dynamique.<br \/><\/span><\/p><div style=\"language: fr; margin-top: 0pt; margin-bottom: 0pt; margin-left: .31in; text-indent: -.31in; text-align: justify; text-justify: inter-ideograph; direction: ltr; unicode-bidi: embed; vertical-align: baseline; mso-line-break-override: restrictions; punctuation-wrap: simple;\"><span style=\"font-size: 15.0pt;\"><span style=\"mso-special-format: bullet; font-family: Wingdings;\">v<\/span><\/span><span style=\"font-size: 15.0pt; font-family: Constantia; mso-ascii-font-family: Constantia; mso-fareast-font-family: +mn-ea; mso-bidi-font-family: Arial; mso-ascii-theme-font: minor-latin; mso-fareast-theme-font: minor-fareast; color: #004b87; mso-font-kerning: 12.0pt; language: fr; mso-style-textfill-type: solid; mso-style-textfill-fill-alpha: 100.0%;\">\u00a0<\/span><span style=\"font-size: 15.0pt; font-family: Constantia; mso-ascii-font-family: Constantia; mso-fareast-font-family: +mn-ea; mso-bidi-font-family: Arial; mso-ascii-theme-font: minor-latin; mso-fareast-theme-font: minor-fareast; color: #004b87; mso-font-kerning: 12.0pt; language: fr; font-weight: bold; mso-style-textfill-type: solid; mso-style-textfill-fill-alpha: 100.0%;\">Garantir la participation active de\u00a0l\u2019usager <\/span><\/div><p style=\"language: fr; margin-top: 0pt; margin-bottom: 0pt; text-align: justify; text-justify: inter-ideograph; direction: ltr; unicode-bidi: embed; vertical-align: baseline; mso-line-break-override: restrictions; punctuation-wrap: simple;\"><span style=\"font-size: 15.0pt; font-family: Constantia; mso-ascii-font-family: Constantia; mso-fareast-font-family: +mn-ea; mso-bidi-font-family: Arial; mso-ascii-theme-font: minor-latin; mso-fareast-theme-font: minor-fareast; color: black; mso-color-index: 1; mso-font-kerning: 12.0pt; language: fr; mso-style-textfill-type: solid; mso-style-textfill-fill-themecolor: text1; mso-style-textfill-fill-color: black; mso-style-textfill-fill-alpha: 100.0%;\">Le SSIAD s\u2019engage au travers d\u2019enqu\u00eates de satisfaction ou sous toute autre forme\u00a0\u00e0 solliciter l\u2019usager quant \u00e0 la qualit\u00e9 des prestations du service de soins. <\/span><\/p><p style=\"language: fr; margin-top: 0pt; margin-bottom: 0pt; text-align: justify; text-justify: inter-ideograph; direction: ltr; unicode-bidi: embed; vertical-align: baseline; mso-line-break-override: restrictions; punctuation-wrap: simple;\"><span style=\"font-size: 15.0pt; font-family: Constantia; mso-ascii-font-family: Constantia; mso-fareast-font-family: +mn-ea; mso-bidi-font-family: Arial; mso-ascii-theme-font: minor-latin; mso-fareast-theme-font: minor-fareast; color: black; mso-color-index: 1; mso-font-kerning: 12.0pt; language: fr; mso-style-textfill-type: solid; mso-style-textfill-fill-themecolor: text1; mso-style-textfill-fill-color: black; mso-style-textfill-fill-alpha: 100.0%;\">\u00a0<\/span><\/p><div style=\"language: fr; margin-top: 0pt; margin-bottom: 0pt; margin-left: .31in; text-indent: -.31in; text-align: justify; text-justify: inter-ideograph; direction: ltr; unicode-bidi: embed; vertical-align: baseline; mso-line-break-override: restrictions; punctuation-wrap: simple;\"><span style=\"font-size: 15.0pt;\"><span style=\"mso-special-format: bullet; font-family: Wingdings;\">v<\/span><\/span><span style=\"font-size: 15.0pt; font-family: Constantia; mso-ascii-font-family: Constantia; mso-fareast-font-family: +mn-ea; mso-bidi-font-family: Arial; mso-ascii-theme-font: minor-latin; mso-fareast-theme-font: minor-fareast; color: #004b87; mso-font-kerning: 12.0pt; language: fr; mso-style-textfill-type: solid; mso-style-textfill-fill-alpha: 100.0%;\">\u00a0<\/span><span style=\"font-size: 15.0pt; font-family: Constantia; mso-ascii-font-family: Constantia; mso-fareast-font-family: +mn-ea; mso-bidi-font-family: Arial; mso-ascii-theme-font: minor-latin; mso-fareast-theme-font: minor-fareast; color: #004b87; mso-font-kerning: 12.0pt; language: fr; font-weight: bold; mso-style-textfill-type: solid; mso-style-textfill-fill-alpha: 100.0%;\">Garantir une s\u00e9curit\u00e9 des soins afin\u00a0d\u2019assurer la protection de l\u2019usager et du professionnel <\/span><\/div><div style=\"language: fr; margin-top: 0pt; margin-bottom: 0pt; margin-left: .31in; text-indent: -.31in; text-align: justify; text-justify: inter-ideograph; direction: ltr; unicode-bidi: embed; vertical-align: baseline; mso-line-break-override: restrictions; punctuation-wrap: simple;\">\u00a0<\/div><p style=\"language: fr; margin-top: 0pt; margin-bottom: 0pt; text-align: justify; text-justify: inter-ideograph; direction: ltr; unicode-bidi: embed; vertical-align: baseline; mso-line-break-override: restrictions; punctuation-wrap: simple;\"><span style=\"font-size: 15.0pt; font-family: Constantia; mso-ascii-font-family: Constantia; mso-fareast-font-family: +mn-ea; mso-bidi-font-family: Arial; mso-ascii-theme-font: minor-latin; mso-fareast-theme-font: minor-fareast; color: black; mso-color-index: 1; mso-font-kerning: 12.0pt; language: fr; mso-style-textfill-type: solid; mso-style-textfill-fill-themecolor: text1; mso-style-textfill-fill-color: black; mso-style-textfill-fill-alpha: 100.0%;\">Le SSIAD porte une attention toute particuli\u00e8re \u00e0 la prise en compte des facteurs de risque et d\u2019ins\u00e9curit\u00e9 selon les diff\u00e9rents axes appropri\u00e9s \u00e0 chaque contexte. Il s\u2019engage \u00e0 adopter un regard attentif, g\u00e9rer et pallier les\u00a0diff\u00e9rents risques possibles.<\/span><\/p>\t\t\t\t\t\t\t\t<\/div>\n\t\t\t\t<\/div>\n\t\t\t\t\t<\/div>\n\t\t\t\t<\/div>\n\t\t\t\t<\/div>\n\t\t","protected":false},"excerpt":{"rendered":"<p>Service de Soins Infirmiers \u00e0 Domicile S.S.I.A.D. CLAPA Zone d\u2019intervention : Charenton-le-Pont, Maisons-Alfort, Saint-Maurice T\u00e9l\u00e9phone : 01.43.68.76.23 Contact : accueilcharenton@clapa.fr [&hellip;]<\/p>\n","protected":false},"author":1,"featured_media":0,"parent":0,"menu_order":0,"comment_status":"closed","ping_status":"closed","template":"","meta":{"site-sidebar-layout":"no-sidebar","site-content-layout":"","ast-site-content-layout":"full-width-container","site-content-style":"default","site-sidebar-style":"default","ast-global-header-display":"","ast-banner-title-visibility":"","ast-main-header-display":"","ast-hfb-above-header-display":"","ast-hfb-below-header-display":"","ast-hfb-mobile-header-display":"","site-post-title":"disabled","ast-breadcrumbs-content":"","ast-featured-img":"disabled","footer-sml-layout":"","theme-transparent-header-meta":"","adv-header-id-meta":"","stick-header-meta":"","header-above-stick-meta":"","header-main-stick-meta":"","header-below-stick-meta":"","astra-migrate-meta-layouts":"default","ast-page-background-enabled":"default","ast-page-background-meta":{"desktop":{"background-color":"var(--ast-global-color-5)","background-image":"","background-repeat":"repeat","background-position":"center center","background-size":"auto","background-attachment":"scroll","background-type":"","background-media":"","overlay-type":"","overlay-color":"","overlay-opacity":"","overlay-gradient":""},"tablet":{"background-color":"","background-image":"","background-repeat":"repeat","background-position":"center center","background-size":"auto","background-attachment":"scroll","background-type":"","background-media":"","overlay-type":"","overlay-color":"","overlay-opacity":"","overlay-gradient":""},"mobile":{"background-color":"","background-image":"","background-repeat":"repeat","background-position":"center center","background-size":"auto","background-attachment":"scroll","background-type":"","background-media":"","overlay-type":"","overlay-color":"","overlay-opacity":"","overlay-gradient":""}},"ast-content-background-meta":{"desktop":{"background-color":"var(--ast-global-color-4)","background-image":"","background-repeat":"repeat","background-position":"center center","background-size":"auto","background-attachment":"scroll","background-type":"","background-media":"","overlay-type":"","overlay-color":"","overlay-opacity":"","overlay-gradient":""},"tablet":{"background-color":"var(--ast-global-color-4)","background-image":"","background-repeat":"repeat","background-position":"center center","background-size":"auto","background-attachment":"scroll","background-type":"","background-media":"","overlay-type":"","overlay-color":"","overlay-opacity":"","overlay-gradient":""},"mobile":{"background-color":"var(--ast-global-color-4)","background-image":"","background-repeat":"repeat","background-position":"center center","background-size":"auto","background-attachment":"scroll","background-type":"","background-media":"","overlay-type":"","overlay-color":"","overlay-opacity":"","overlay-gradient":""}},"footnotes":""},"class_list":["post-80","page","type-page","status-publish","hentry"],"_links":{"self":[{"href":"https:\/\/clapa-aidapac.fr\/index.php\/wp-json\/wp\/v2\/pages\/80","targetHints":{"allow":["GET"]}}],"collection":[{"href":"https:\/\/clapa-aidapac.fr\/index.php\/wp-json\/wp\/v2\/pages"}],"about":[{"href":"https:\/\/clapa-aidapac.fr\/index.php\/wp-json\/wp\/v2\/types\/page"}],"author":[{"embeddable":true,"href":"https:\/\/clapa-aidapac.fr\/index.php\/wp-json\/wp\/v2\/users\/1"}],"replies":[{"embeddable":true,"href":"https:\/\/clapa-aidapac.fr\/index.php\/wp-json\/wp\/v2\/comments?post=80"}],"version-history":[{"count":29,"href":"https:\/\/clapa-aidapac.fr\/index.php\/wp-json\/wp\/v2\/pages\/80\/revisions"}],"predecessor-version":[{"id":472,"href":"https:\/\/clapa-aidapac.fr\/index.php\/wp-json\/wp\/v2\/pages\/80\/revisions\/472"}],"wp:attachment":[{"href":"https:\/\/clapa-aidapac.fr\/index.php\/wp-json\/wp\/v2\/media?parent=80"}],"curies":[{"name":"wp","href":"https:\/\/api.w.org\/{rel}","templated":true}]}}